{"id":408,"date":"2024-10-29T21:34:12","date_gmt":"2024-10-29T21:34:12","guid":{"rendered":"https:\/\/caribbeaninnovationdays.com\/?page_id=408"},"modified":"2025-08-06T15:22:43","modified_gmt":"2025-08-06T15:22:43","slug":"partenaires-institutionnels","status":"publish","type":"page","link":"https:\/\/caribbeaninnovationdays.com\/en\/partenaires-institutionnels\/","title":{"rendered":"Institutional Partners"},"content":{"rendered":"<div data-elementor-type=\"wp-page\" data-elementor-id=\"408\" class=\"elementor elementor-408\" data-elementor-post-type=\"page\">\n\t\t\t\t<div class=\"elementor-element elementor-element-96c5e72 e-con-full e-flex e-con e-parent\" data-id=\"96c5e72\" data-element_type=\"container\" data-e-type=\"container\">\n\t\t<div class=\"elementor-element elementor-element-7cfe02d gradient-1 e-flex e-con-boxed e-con e-child\" data-id=\"7cfe02d\" data-element_type=\"container\" data-e-type=\"container\" data-settings=\"{&quot;background_background&quot;:&quot;classic&quot;}\">\n\t\t\t\t\t<div class=\"e-con-inner\">\n\t\t<div class=\"elementor-element elementor-element-5dbf176 e-con-full e-flex e-con e-child\" data-id=\"5dbf176\" data-element_type=\"container\" data-e-type=\"container\">\n\t\t\t\t<div class=\"elementor-element elementor-element-3bd6ac3 elementor-widget-mobile__width-inherit elementor-widget__width-inherit elementor-invisible elementor-widget elementor-widget-heading\" data-id=\"3bd6ac3\" data-element_type=\"widget\" data-e-type=\"widget\" data-settings=\"{&quot;_animation&quot;:&quot;fadeInLeft&quot;,&quot;_animation_delay&quot;:300}\" data-widget_type=\"heading.default\">\n\t\t\t\t<div class=\"elementor-widget-container\">\n\t\t\t\t\t<h1 class=\"elementor-heading-title elementor-size-default\">Institutional Partners<\/h1>\t\t\t\t<\/div>\n\t\t\t\t<\/div>\n\t\t\t\t<\/div>\n\t\t\t\t\t<\/div>\n\t\t\t\t<\/div>\n\t\t\t\t<\/div>\n\t\t<div class=\"elementor-element elementor-element-691a016 e-flex e-con-boxed e-con e-parent\" data-id=\"691a016\" data-element_type=\"container\" data-e-type=\"container\">\n\t\t\t\t\t<div class=\"e-con-inner\">\n\t\t<div class=\"elementor-element elementor-element-bc410c9 e-con-full e-flex e-con e-child\" data-id=\"bc410c9\" data-element_type=\"container\" data-e-type=\"container\">\n\t\t<div class=\"elementor-element elementor-element-4923f93 e-con-full e-flex elementor-invisible e-con e-child\" data-id=\"4923f93\" data-element_type=\"container\" data-e-type=\"container\" data-settings=\"{&quot;background_background&quot;:&quot;classic&quot;,&quot;animation&quot;:&quot;slideInUp&quot;}\">\n\t\t\t\t<div class=\"elementor-element elementor-element-42117f6 elementor-widget__width-initial elementor-widget elementor-widget-image\" data-id=\"42117f6\" data-element_type=\"widget\" data-e-type=\"widget\" data-widget_type=\"image.default\">\n\t\t\t\t<div class=\"elementor-widget-container\">\n\t\t\t\t\t\t\t\t\t\t\t\t\t\t\t\t<a href=\"https:\/\/www.regionguadeloupe.fr\/\" target=\"_blank\">\n\t\t\t\t\t\t\t<img fetchpriority=\"high\" decoding=\"async\" width=\"800\" height=\"800\" src=\"https:\/\/caribbeaninnovationdays.com\/wp-content\/uploads\/2025\/01\/FEDER-Region-Guadeloupe-1024x1024.webp\" class=\"attachment-large size-large wp-image-1742\" alt=\"\" srcset=\"https:\/\/caribbeaninnovationdays.com\/wp-content\/uploads\/2025\/01\/FEDER-Region-Guadeloupe-1024x1024.webp 1024w, https:\/\/caribbeaninnovationdays.com\/wp-content\/uploads\/2025\/01\/FEDER-Region-Guadeloupe-300x300.webp 300w, https:\/\/caribbeaninnovationdays.com\/wp-content\/uploads\/2025\/01\/FEDER-Region-Guadeloupe-150x150.webp 150w, https:\/\/caribbeaninnovationdays.com\/wp-content\/uploads\/2025\/01\/FEDER-Region-Guadeloupe-768x769.webp 768w, https:\/\/caribbeaninnovationdays.com\/wp-content\/uploads\/2025\/01\/FEDER-Region-Guadeloupe-12x12.webp 12w, https:\/\/caribbeaninnovationdays.com\/wp-content\/uploads\/2025\/01\/FEDER-Region-Guadeloupe.webp 1336w\" sizes=\"(max-width: 800px) 100vw, 800px\" \/>\t\t\t\t\t\t\t\t<\/a>\n\t\t\t\t\t\t\t\t\t\t\t\t\t\t\t<\/div>\n\t\t\t\t<\/div>\n\t\t\t\t<div class=\"elementor-element elementor-element-06a09fd elementor-widget elementor-widget-heading\" data-id=\"06a09fd\" data-element_type=\"widget\" data-e-type=\"widget\" data-widget_type=\"heading.default\">\n\t\t\t\t<div class=\"elementor-widget-container\">\n\t\t\t\t\t<h3 class=\"elementor-heading-title elementor-size-default\"><a href=\"https:\/\/www.regionguadeloupe.fr\/\" target=\"_blank\">GUADELOUPE REGIONAL COUNCIL<\/a><\/h3>\t\t\t\t<\/div>\n\t\t\t\t<\/div>\n\t\t\t\t<div class=\"elementor-element elementor-element-ffeff5e elementor-invisible elementor-widget elementor-widget-text-editor\" data-id=\"ffeff5e\" data-element_type=\"widget\" data-e-type=\"widget\" data-settings=\"{&quot;_animation&quot;:&quot;fadeInLeft&quot;,&quot;_animation_delay&quot;:300}\" data-widget_type=\"text-editor.default\">\n\t\t\t\t<div class=\"elementor-widget-container\">\n\t\t\t\t\t\t\t\t\t<p>L<span class=\"TextRun SCXW88051015 BCX0\" lang=\"FR-FR\" xml:lang=\"FR-FR\" data-contrast=\"none\"><span class=\"NormalTextRun SCXW88051015 BCX0\" data-ccp-parastyle=\"Normal (Web)\">The Guadeloupe regional council is the leader in regional economic development policies, as well as in the promotion of research and innovation.<\/span><\/span><\/p>\t\t\t\t\t\t\t\t<\/div>\n\t\t\t\t<\/div>\n\t\t\t\t<\/div>\n\t\t<div class=\"elementor-element elementor-element-16cbfd5 e-con-full e-flex elementor-invisible e-con e-child\" data-id=\"16cbfd5\" data-element_type=\"container\" data-e-type=\"container\" data-settings=\"{&quot;background_background&quot;:&quot;classic&quot;,&quot;animation&quot;:&quot;slideInUp&quot;}\">\n\t\t\t\t<div class=\"elementor-element elementor-element-b001d6b elementor-widget elementor-widget-image\" data-id=\"b001d6b\" data-element_type=\"widget\" data-e-type=\"widget\" data-widget_type=\"image.default\">\n\t\t\t\t<div class=\"elementor-widget-container\">\n\t\t\t\t\t\t\t\t\t\t\t\t\t\t\t\t<a href=\"https:\/\/www.univ-antilles.fr\/\" target=\"_blank\">\n\t\t\t\t\t\t\t<img decoding=\"async\" width=\"1200\" height=\"875\" src=\"https:\/\/caribbeaninnovationdays.com\/wp-content\/uploads\/2024\/10\/Ministere_de_lInterieur_et_des_outre-mer.png\" class=\"attachment-full size-full wp-image-1865\" alt=\"\" srcset=\"https:\/\/caribbeaninnovationdays.com\/wp-content\/uploads\/2024\/10\/Ministere_de_lInterieur_et_des_outre-mer.png 1200w, https:\/\/caribbeaninnovationdays.com\/wp-content\/uploads\/2024\/10\/Ministere_de_lInterieur_et_des_outre-mer-300x219.png 300w, https:\/\/caribbeaninnovationdays.com\/wp-content\/uploads\/2024\/10\/Ministere_de_lInterieur_et_des_outre-mer-1024x747.png 1024w, https:\/\/caribbeaninnovationdays.com\/wp-content\/uploads\/2024\/10\/Ministere_de_lInterieur_et_des_outre-mer-768x560.png 768w, https:\/\/caribbeaninnovationdays.com\/wp-content\/uploads\/2024\/10\/Ministere_de_lInterieur_et_des_outre-mer-16x12.png 16w\" sizes=\"(max-width: 1200px) 100vw, 1200px\" \/>\t\t\t\t\t\t\t\t<\/a>\n\t\t\t\t\t\t\t\t\t\t\t\t\t\t\t<\/div>\n\t\t\t\t<\/div>\n\t\t\t\t<div class=\"elementor-element elementor-element-265f472 elementor-widget elementor-widget-heading\" data-id=\"265f472\" data-element_type=\"widget\" data-e-type=\"widget\" data-widget_type=\"heading.default\">\n\t\t\t\t<div class=\"elementor-widget-container\">\n\t\t\t\t\t<h3 class=\"elementor-heading-title elementor-size-default\"><a href=\"https:\/\/www.univ-antilles.fr\/\" target=\"_blank\">Department of the Interior and Overseas Territories<\/a><\/h3>\t\t\t\t<\/div>\n\t\t\t\t<\/div>\n\t\t\t\t<div class=\"elementor-element elementor-element-fd1c2ab elementor-invisible elementor-widget elementor-widget-text-editor\" data-id=\"fd1c2ab\" data-element_type=\"widget\" data-e-type=\"widget\" data-settings=\"{&quot;_animation&quot;:&quot;fadeInLeft&quot;,&quot;_animation_delay&quot;:300}\" data-widget_type=\"text-editor.default\">\n\t\t\t\t<div class=\"elementor-widget-container\">\n\t\t\t\t\t\t\t\t\t<p><span class=\"NormalTextRun SCXW255727951 BCX0\" data-ccp-parastyle=\"Normal (Web)\">Department of the Interior and Overseas Territories<\/span><\/p>\t\t\t\t\t\t\t\t<\/div>\n\t\t\t\t<\/div>\n\t\t\t\t<\/div>\n\t\t<div class=\"elementor-element elementor-element-4fd13de e-con-full e-flex elementor-invisible e-con e-child\" data-id=\"4fd13de\" data-element_type=\"container\" data-e-type=\"container\" data-settings=\"{&quot;background_background&quot;:&quot;classic&quot;,&quot;animation&quot;:&quot;slideInUp&quot;}\">\n\t\t\t\t<div class=\"elementor-element elementor-element-3f2fcda elementor-widget elementor-widget-image\" data-id=\"3f2fcda\" data-element_type=\"widget\" data-e-type=\"widget\" data-widget_type=\"image.default\">\n\t\t\t\t<div class=\"elementor-widget-container\">\n\t\t\t\t\t\t\t\t\t\t\t\t\t\t\t\t<a href=\"https:\/\/www.univ-antilles.fr\/\" target=\"_blank\">\n\t\t\t\t\t\t\t<img decoding=\"async\" width=\"91\" height=\"85\" src=\"https:\/\/caribbeaninnovationdays.com\/wp-content\/uploads\/2024\/11\/logo-univ-antilles.jpg\" class=\"attachment-full size-full wp-image-1414\" alt=\"\" \/>\t\t\t\t\t\t\t\t<\/a>\n\t\t\t\t\t\t\t\t\t\t\t\t\t\t\t<\/div>\n\t\t\t\t<\/div>\n\t\t\t\t<div class=\"elementor-element elementor-element-a6ea51a elementor-widget elementor-widget-heading\" data-id=\"a6ea51a\" data-element_type=\"widget\" data-e-type=\"widget\" data-widget_type=\"heading.default\">\n\t\t\t\t<div class=\"elementor-widget-container\">\n\t\t\t\t\t<h3 class=\"elementor-heading-title elementor-size-default\"><a href=\"https:\/\/www.univ-antilles.fr\/\" target=\"_blank\">West Indies University <\/a><\/h3>\t\t\t\t<\/div>\n\t\t\t\t<\/div>\n\t\t\t\t<div class=\"elementor-element elementor-element-2b8e936 elementor-invisible elementor-widget elementor-widget-text-editor\" data-id=\"2b8e936\" data-element_type=\"widget\" data-e-type=\"widget\" data-settings=\"{&quot;_animation&quot;:&quot;fadeInLeft&quot;,&quot;_animation_delay&quot;:300}\" data-widget_type=\"text-editor.default\">\n\t\t\t\t<div class=\"elementor-widget-container\">\n\t\t\t\t\t\t\t\t\t<p><span class=\"NormalTextRun SCXW255727951 BCX0\" data-ccp-parastyle=\"Normal (Web)\">\u202f<\/span><span class=\"NormalTextRun SCXW255727951 BCX0\" data-ccp-parastyle=\"Normal (Web)\">The West Indies University actively contributes to the development of innovation in Guadeloupe and Martinique by supporting applied research, technological projects, and training talents.<\/span><span class=\"NormalTextRun SCXW255727951 BCX0\" data-ccp-parastyle=\"Normal (Web)\"> dans les domaines scientifiques et num\u00e9riques<\/span><\/p>\t\t\t\t\t\t\t\t<\/div>\n\t\t\t\t<\/div>\n\t\t\t\t<\/div>\n\t\t<div class=\"elementor-element elementor-element-297d354 e-con-full e-flex elementor-invisible e-con e-child\" data-id=\"297d354\" data-element_type=\"container\" data-e-type=\"container\" data-settings=\"{&quot;background_background&quot;:&quot;classic&quot;,&quot;animation&quot;:&quot;slideInUp&quot;}\">\n\t\t\t\t<div class=\"elementor-element elementor-element-112210d elementor-widget elementor-widget-image\" data-id=\"112210d\" data-element_type=\"widget\" data-e-type=\"widget\" data-widget_type=\"image.default\">\n\t\t\t\t<div class=\"elementor-widget-container\">\n\t\t\t\t\t\t\t\t\t\t\t\t\t\t\t\t<a href=\"https:\/\/inova.gp\/french-tech-guadeloupe\/\" target=\"_blank\">\n\t\t\t\t\t\t\t<img loading=\"lazy\" decoding=\"async\" width=\"442\" height=\"547\" src=\"https:\/\/caribbeaninnovationdays.com\/wp-content\/uploads\/2024\/10\/Logo_FT_Guadeloupe_FondBlanc-1.png\" class=\"attachment-large size-large wp-image-104\" alt=\"\" srcset=\"https:\/\/caribbeaninnovationdays.com\/wp-content\/uploads\/2024\/10\/Logo_FT_Guadeloupe_FondBlanc-1.png 442w, https:\/\/caribbeaninnovationdays.com\/wp-content\/uploads\/2024\/10\/Logo_FT_Guadeloupe_FondBlanc-1-242x300.png 242w\" sizes=\"(max-width: 442px) 100vw, 442px\" \/>\t\t\t\t\t\t\t\t<\/a>\n\t\t\t\t\t\t\t\t\t\t\t\t\t\t\t<\/div>\n\t\t\t\t<\/div>\n\t\t\t\t<div class=\"elementor-element elementor-element-b8db512 elementor-widget elementor-widget-heading\" data-id=\"b8db512\" data-element_type=\"widget\" data-e-type=\"widget\" data-widget_type=\"heading.default\">\n\t\t\t\t<div class=\"elementor-widget-container\">\n\t\t\t\t\t<h3 class=\"elementor-heading-title elementor-size-default\"><a href=\"https:\/\/inova.gp\/french-tech-guadeloupe\/\" target=\"_blank\">FRENCH TECH GUADELOUPE. <\/a><\/h3>\t\t\t\t<\/div>\n\t\t\t\t<\/div>\n\t\t\t\t<div class=\"elementor-element elementor-element-b113ab1 elementor-invisible elementor-widget elementor-widget-text-editor\" data-id=\"b113ab1\" data-element_type=\"widget\" data-e-type=\"widget\" data-settings=\"{&quot;_animation&quot;:&quot;fadeInLeft&quot;,&quot;_animation_delay&quot;:300}\" data-widget_type=\"text-editor.default\">\n\t\t\t\t<div class=\"elementor-widget-container\">\n\t\t\t\t\t\t\t\t\t<p><span class=\"TextRun SCXW19131823 BCX0\" lang=\"FR-FR\" xml:lang=\"FR-FR\" data-contrast=\"none\"><span class=\"NormalTextRun SCXW19131823 BCX0\" data-ccp-parastyle=\"Normal (Web)\">A local community of the national French Tech initiative, FTG promotes the growth of startups and digital innovation in the region.<\/span><\/span><\/p>\t\t\t\t\t\t\t\t<\/div>\n\t\t\t\t<\/div>\n\t\t\t\t<\/div>\n\t\t<div class=\"elementor-element elementor-element-27cec5b e-con-full e-flex elementor-invisible e-con e-child\" data-id=\"27cec5b\" data-element_type=\"container\" data-e-type=\"container\" data-settings=\"{&quot;background_background&quot;:&quot;classic&quot;,&quot;animation&quot;:&quot;slideInUp&quot;}\">\n\t\t\t\t<div class=\"elementor-element elementor-element-1f5cf94 elementor-widget elementor-widget-image\" data-id=\"1f5cf94\" data-element_type=\"widget\" data-e-type=\"widget\" data-widget_type=\"image.default\">\n\t\t\t\t<div class=\"elementor-widget-container\">\n\t\t\t\t\t\t\t\t\t\t\t\t\t\t\t\t<a href=\"https:\/\/inova.gp\/french-tech-guadeloupe\/\" target=\"_blank\">\n\t\t\t\t\t\t\t<img loading=\"lazy\" decoding=\"async\" width=\"800\" height=\"395\" src=\"https:\/\/caribbeaninnovationdays.com\/wp-content\/uploads\/2025\/08\/RETISLogo_FR-1024x506.png\" class=\"attachment-large size-large wp-image-1939\" alt=\"\" srcset=\"https:\/\/caribbeaninnovationdays.com\/wp-content\/uploads\/2025\/08\/RETISLogo_FR-1024x506.png 1024w, https:\/\/caribbeaninnovationdays.com\/wp-content\/uploads\/2025\/08\/RETISLogo_FR-300x148.png 300w, https:\/\/caribbeaninnovationdays.com\/wp-content\/uploads\/2025\/08\/RETISLogo_FR-768x380.png 768w, https:\/\/caribbeaninnovationdays.com\/wp-content\/uploads\/2025\/08\/RETISLogo_FR-1536x759.png 1536w, https:\/\/caribbeaninnovationdays.com\/wp-content\/uploads\/2025\/08\/RETISLogo_FR-18x9.png 18w, https:\/\/caribbeaninnovationdays.com\/wp-content\/uploads\/2025\/08\/RETISLogo_FR.png 1550w\" sizes=\"(max-width: 800px) 100vw, 800px\" \/>\t\t\t\t\t\t\t\t<\/a>\n\t\t\t\t\t\t\t\t\t\t\t\t\t\t\t<\/div>\n\t\t\t\t<\/div>\n\t\t\t\t<div class=\"elementor-element elementor-element-50552ad elementor-widget elementor-widget-heading\" data-id=\"50552ad\" data-element_type=\"widget\" data-e-type=\"widget\" data-widget_type=\"heading.default\">\n\t\t\t\t<div class=\"elementor-widget-container\">\n\t\t\t\t\t<h3 class=\"elementor-heading-title elementor-size-default\"><a href=\"https:\/\/inova.gp\/french-tech-guadeloupe\/\" target=\"_blank\">R\u00e9seau retis<\/a><\/h3>\t\t\t\t<\/div>\n\t\t\t\t<\/div>\n\t\t\t\t<div class=\"elementor-element elementor-element-db43412 elementor-invisible elementor-widget elementor-widget-text-editor\" data-id=\"db43412\" data-element_type=\"widget\" data-e-type=\"widget\" data-settings=\"{&quot;_animation&quot;:&quot;fadeInLeft&quot;,&quot;_animation_delay&quot;:300}\" data-widget_type=\"text-editor.default\">\n\t\t\t\t<div class=\"elementor-widget-container\">\n\t\t\t\t\t\t\t\t\t<p>RETIS is the French network of professionals and stakeholders supporting innovation in local areas.<\/p>\t\t\t\t\t\t\t\t<\/div>\n\t\t\t\t<\/div>\n\t\t\t\t<\/div>\n\t\t\t\t<\/div>\n\t\t\t\t\t<\/div>\n\t\t\t\t<\/div>\n\t\t<div class=\"elementor-element elementor-element-d4e9434 e-flex e-con-boxed e-con e-parent\" data-id=\"d4e9434\" data-element_type=\"container\" data-e-type=\"container\">\n\t\t\t\t\t<div class=\"e-con-inner\">\n\t\t<div class=\"elementor-element elementor-element-7d830d6 e-con-full gradient-2 e-flex e-con e-child\" data-id=\"7d830d6\" data-element_type=\"container\" data-e-type=\"container\" data-settings=\"{&quot;background_background&quot;:&quot;classic&quot;}\">\n\t\t<div class=\"elementor-element elementor-element-8bfb4c6 e-flex e-con-boxed e-con e-child\" data-id=\"8bfb4c6\" data-element_type=\"container\" data-e-type=\"container\">\n\t\t\t\t\t<div class=\"e-con-inner\">\n\t\t\t\t<div class=\"elementor-element elementor-element-2985531 elementor-widget elementor-widget-heading\" data-id=\"2985531\" data-element_type=\"widget\" data-e-type=\"widget\" data-widget_type=\"heading.default\">\n\t\t\t\t<div class=\"elementor-widget-container\">\n\t\t\t\t\t<h2 class=\"elementor-heading-title elementor-size-default\">Book your pass now<\/h2>\t\t\t\t<\/div>\n\t\t\t\t<\/div>\n\t\t\t\t<div class=\"elementor-element elementor-element-08e3335 elementor-align-justify elementor-widget elementor-widget-button\" data-id=\"08e3335\" data-element_type=\"widget\" data-e-type=\"widget\" data-widget_type=\"button.default\">\n\t\t\t\t<div class=\"elementor-widget-container\">\n\t\t\t\t\t\t\t\t\t<div class=\"elementor-button-wrapper\">\n\t\t\t\t\t<a class=\"elementor-button elementor-button-link elementor-size-sm\" href=\"\/en\/#pass\">\n\t\t\t\t\t\t<span class=\"elementor-button-content-wrapper\">\n\t\t\t\t\t\t<span class=\"elementor-button-icon\">\n\t\t\t\t<svg aria-hidden=\"true\" class=\"e-font-icon-svg e-fas-ticket-alt\" viewbox=\"0 0 576 512\" xmlns=\"http:\/\/www.w3.org\/2000\/svg\"><path d=\"M128 160h320v192H128V160zm400 96c0 26.51 21.49 48 48 48v96c0 26.51-21.49 48-48 48H48c-26.51 0-48-21.49-48-48v-96c26.51 0 48-21.49 48-48s-21.49-48-48-48v-96c0-26.51 21.49-48 48-48h480c26.51 0 48 21.49 48 48v96c-26.51 0-48 21.49-48 48zm-48-104c0-13.255-10.745-24-24-24H120c-13.255 0-24 10.745-24 24v208c0 13.255 10.745 24 24 24h336c13.255 0 24-10.745 24-24V152z\"><\/path><\/svg>\t\t\t<\/span>\n\t\t\t\t\t\t\t\t\t<span class=\"elementor-button-text\">Buy my pass<\/span>\n\t\t\t\t\t<\/span>\n\t\t\t\t\t<\/a>\n\t\t\t\t<\/div>\n\t\t\t\t\t\t\t\t<\/div>\n\t\t\t\t<\/div>\n\t\t\t\t\t<\/div>\n\t\t\t\t<\/div>\n\t\t\t\t<\/div>\n\t\t\t\t\t<\/div>\n\t\t\t\t<\/div>\n\t\t\t\t<\/div>","protected":false},"excerpt":{"rendered":"<p>Partenaires institutionnels R\u00e9gion Guadeloupe La R\u00e9gion est le chef de file des politiques de d\u00e9veloppement \u00e9conomique r\u00e9gional, de la promotion de la recherche et de l\u2019innovation Minist\u00e8re de l&rsquo;int\u00e9rieur et des outre-mer Minist\u00e8re de l&rsquo;int\u00e9rieur et des outre-mer\u200b UNIVERSIT\u00c9 DES ANTILLES \u202fL\u2019UA contribue activement au d\u00e9veloppement de l\u2019innovation en Guadeloupe et Martinique, en soutenant la [&hellip;]<\/p>\n","protected":false},"author":1,"featured_media":0,"parent":0,"menu_order":0,"comment_status":"closed","ping_status":"closed","template":"","meta":{"footnotes":""},"class_list":["post-408","page","type-page","status-publish","hentry"],"yoast_head":"<!-- This site is optimized with the Yoast SEO plugin v27.4 - https:\/\/yoast.com\/product\/yoast-seo-wordpress\/ -->\n<title>Partenaires institutionnels - Caribbean Innovation Days<\/title>\n<meta name=\"robots\" content=\"index, follow, max-snippet:-1, max-image-preview:large, max-video-preview:-1\" \/>\n<link rel=\"canonical\" href=\"https:\/\/caribbeaninnovationdays.com\/en\/partenaires-institutionnels\/\" \/>\n<meta property=\"og:locale\" content=\"en_US\" \/>\n<meta property=\"og:type\" content=\"article\" \/>\n<meta property=\"og:title\" content=\"Partenaires institutionnels - Caribbean Innovation Days\" \/>\n<meta property=\"og:description\" content=\"Partenaires institutionnels R\u00e9gion Guadeloupe La R\u00e9gion est le chef de file des politiques de d\u00e9veloppement \u00e9conomique r\u00e9gional, de la promotion de la recherche et de l\u2019innovation Minist\u00e8re de l&rsquo;int\u00e9rieur et des outre-mer Minist\u00e8re de l&rsquo;int\u00e9rieur et des outre-mer\u200b UNIVERSIT\u00c9 DES ANTILLES \u202fL\u2019UA contribue activement au d\u00e9veloppement de l\u2019innovation en Guadeloupe et Martinique, en soutenant la [&hellip;]\" \/>\n<meta property=\"og:url\" content=\"https:\/\/caribbeaninnovationdays.com\/en\/partenaires-institutionnels\/\" \/>\n<meta property=\"og:site_name\" content=\"Caribbean Innovation Days\" \/>\n<meta property=\"article:modified_time\" content=\"2025-08-06T15:22:43+00:00\" \/>\n<meta property=\"og:image\" content=\"https:\/\/caribbeaninnovationdays.com\/wp-content\/uploads\/2025\/01\/FEDER-Region-Guadeloupe.webp\" \/>\n\t<meta property=\"og:image:width\" content=\"1336\" \/>\n\t<meta property=\"og:image:height\" content=\"1337\" \/>\n\t<meta property=\"og:image:type\" content=\"image\/webp\" \/>\n<meta name=\"twitter:card\" content=\"summary_large_image\" \/>\n<meta name=\"twitter:label1\" content=\"Est. reading time\" \/>\n\t<meta name=\"twitter:data1\" content=\"2 minutes\" \/>\n<script type=\"application\/ld+json\" class=\"yoast-schema-graph\">{\"@context\":\"https:\\\/\\\/schema.org\",\"@graph\":[{\"@type\":\"WebPage\",\"@id\":\"https:\\\/\\\/caribbeaninnovationdays.com\\\/partenaires-institutionnels\\\/\",\"url\":\"https:\\\/\\\/caribbeaninnovationdays.com\\\/partenaires-institutionnels\\\/\",\"name\":\"Partenaires institutionnels - Caribbean Innovation Days\",\"isPartOf\":{\"@id\":\"https:\\\/\\\/caribbeaninnovationdays.com\\\/#website\"},\"primaryImageOfPage\":{\"@id\":\"https:\\\/\\\/caribbeaninnovationdays.com\\\/partenaires-institutionnels\\\/#primaryimage\"},\"image\":{\"@id\":\"https:\\\/\\\/caribbeaninnovationdays.com\\\/partenaires-institutionnels\\\/#primaryimage\"},\"thumbnailUrl\":\"https:\\\/\\\/caribbeaninnovationdays.com\\\/wp-content\\\/uploads\\\/2025\\\/01\\\/FEDER-Region-Guadeloupe-1024x1024.webp\",\"datePublished\":\"2024-10-29T21:34:12+00:00\",\"dateModified\":\"2025-08-06T15:22:43+00:00\",\"breadcrumb\":{\"@id\":\"https:\\\/\\\/caribbeaninnovationdays.com\\\/partenaires-institutionnels\\\/#breadcrumb\"},\"inLanguage\":\"en-US\",\"potentialAction\":[{\"@type\":\"ReadAction\",\"target\":[\"https:\\\/\\\/caribbeaninnovationdays.com\\\/partenaires-institutionnels\\\/\"]}]},{\"@type\":\"ImageObject\",\"inLanguage\":\"en-US\",\"@id\":\"https:\\\/\\\/caribbeaninnovationdays.com\\\/partenaires-institutionnels\\\/#primaryimage\",\"url\":\"https:\\\/\\\/caribbeaninnovationdays.com\\\/wp-content\\\/uploads\\\/2025\\\/01\\\/FEDER-Region-Guadeloupe-1024x1024.webp\",\"contentUrl\":\"https:\\\/\\\/caribbeaninnovationdays.com\\\/wp-content\\\/uploads\\\/2025\\\/01\\\/FEDER-Region-Guadeloupe-1024x1024.webp\"},{\"@type\":\"BreadcrumbList\",\"@id\":\"https:\\\/\\\/caribbeaninnovationdays.com\\\/partenaires-institutionnels\\\/#breadcrumb\",\"itemListElement\":[{\"@type\":\"ListItem\",\"position\":1,\"name\":\"Accueil\",\"item\":\"https:\\\/\\\/caribbeaninnovationdays.com\\\/\"},{\"@type\":\"ListItem\",\"position\":2,\"name\":\"Partenaires institutionnels\"}]},{\"@type\":\"WebSite\",\"@id\":\"https:\\\/\\\/caribbeaninnovationdays.com\\\/#website\",\"url\":\"https:\\\/\\\/caribbeaninnovationdays.com\\\/\",\"name\":\"Caribbean Innovation Days\",\"description\":\"\",\"publisher\":{\"@id\":\"https:\\\/\\\/caribbeaninnovationdays.com\\\/#organization\"},\"potentialAction\":[{\"@type\":\"SearchAction\",\"target\":{\"@type\":\"EntryPoint\",\"urlTemplate\":\"https:\\\/\\\/caribbeaninnovationdays.com\\\/?s={search_term_string}\"},\"query-input\":{\"@type\":\"PropertyValueSpecification\",\"valueRequired\":true,\"valueName\":\"search_term_string\"}}],\"inLanguage\":\"en-US\"},{\"@type\":\"Organization\",\"@id\":\"https:\\\/\\\/caribbeaninnovationdays.com\\\/#organization\",\"name\":\"Caribbean Innovation Days\",\"url\":\"https:\\\/\\\/caribbeaninnovationdays.com\\\/\",\"logo\":{\"@type\":\"ImageObject\",\"inLanguage\":\"en-US\",\"@id\":\"https:\\\/\\\/caribbeaninnovationdays.com\\\/#\\\/schema\\\/logo\\\/image\\\/\",\"url\":\"https:\\\/\\\/caribbeaninnovationdays.com\\\/wp-content\\\/uploads\\\/2024\\\/10\\\/logo-cids.svg\",\"contentUrl\":\"https:\\\/\\\/caribbeaninnovationdays.com\\\/wp-content\\\/uploads\\\/2024\\\/10\\\/logo-cids.svg\",\"width\":243,\"height\":151,\"caption\":\"Caribbean Innovation Days\"},\"image\":{\"@id\":\"https:\\\/\\\/caribbeaninnovationdays.com\\\/#\\\/schema\\\/logo\\\/image\\\/\"}}]}<\/script>\n<!-- \/ Yoast SEO plugin. -->","yoast_head_json":{"title":"Partenaires institutionnels - Caribbean Innovation Days","robots":{"index":"index","follow":"follow","max-snippet":"max-snippet:-1","max-image-preview":"max-image-preview:large","max-video-preview":"max-video-preview:-1"},"canonical":"https:\/\/caribbeaninnovationdays.com\/en\/partenaires-institutionnels\/","og_locale":"en_US","og_type":"article","og_title":"Partenaires institutionnels - Caribbean Innovation Days","og_description":"Partenaires institutionnels R\u00e9gion Guadeloupe La R\u00e9gion est le chef de file des politiques de d\u00e9veloppement \u00e9conomique r\u00e9gional, de la promotion de la recherche et de l\u2019innovation Minist\u00e8re de l&rsquo;int\u00e9rieur et des outre-mer Minist\u00e8re de l&rsquo;int\u00e9rieur et des outre-mer\u200b UNIVERSIT\u00c9 DES ANTILLES \u202fL\u2019UA contribue activement au d\u00e9veloppement de l\u2019innovation en Guadeloupe et Martinique, en soutenant la [&hellip;]","og_url":"https:\/\/caribbeaninnovationdays.com\/en\/partenaires-institutionnels\/","og_site_name":"Caribbean Innovation Days","article_modified_time":"2025-08-06T15:22:43+00:00","og_image":[{"width":1336,"height":1337,"url":"https:\/\/caribbeaninnovationdays.com\/wp-content\/uploads\/2025\/01\/FEDER-Region-Guadeloupe.webp","type":"image\/webp"}],"twitter_card":"summary_large_image","twitter_misc":{"Est. reading time":"2 minutes"},"schema":{"@context":"https:\/\/schema.org","@graph":[{"@type":"WebPage","@id":"https:\/\/caribbeaninnovationdays.com\/partenaires-institutionnels\/","url":"https:\/\/caribbeaninnovationdays.com\/partenaires-institutionnels\/","name":"Partenaires institutionnels - Caribbean Innovation Days","isPartOf":{"@id":"https:\/\/caribbeaninnovationdays.com\/#website"},"primaryImageOfPage":{"@id":"https:\/\/caribbeaninnovationdays.com\/partenaires-institutionnels\/#primaryimage"},"image":{"@id":"https:\/\/caribbeaninnovationdays.com\/partenaires-institutionnels\/#primaryimage"},"thumbnailUrl":"https:\/\/caribbeaninnovationdays.com\/wp-content\/uploads\/2025\/01\/FEDER-Region-Guadeloupe-1024x1024.webp","datePublished":"2024-10-29T21:34:12+00:00","dateModified":"2025-08-06T15:22:43+00:00","breadcrumb":{"@id":"https:\/\/caribbeaninnovationdays.com\/partenaires-institutionnels\/#breadcrumb"},"inLanguage":"en-US","potentialAction":[{"@type":"ReadAction","target":["https:\/\/caribbeaninnovationdays.com\/partenaires-institutionnels\/"]}]},{"@type":"ImageObject","inLanguage":"en-US","@id":"https:\/\/caribbeaninnovationdays.com\/partenaires-institutionnels\/#primaryimage","url":"https:\/\/caribbeaninnovationdays.com\/wp-content\/uploads\/2025\/01\/FEDER-Region-Guadeloupe-1024x1024.webp","contentUrl":"https:\/\/caribbeaninnovationdays.com\/wp-content\/uploads\/2025\/01\/FEDER-Region-Guadeloupe-1024x1024.webp"},{"@type":"BreadcrumbList","@id":"https:\/\/caribbeaninnovationdays.com\/partenaires-institutionnels\/#breadcrumb","itemListElement":[{"@type":"ListItem","position":1,"name":"Accueil","item":"https:\/\/caribbeaninnovationdays.com\/"},{"@type":"ListItem","position":2,"name":"Partenaires institutionnels"}]},{"@type":"WebSite","@id":"https:\/\/caribbeaninnovationdays.com\/#website","url":"https:\/\/caribbeaninnovationdays.com\/","name":"Caribbean Innovation Days","description":"","publisher":{"@id":"https:\/\/caribbeaninnovationdays.com\/#organization"},"potentialAction":[{"@type":"SearchAction","target":{"@type":"EntryPoint","urlTemplate":"https:\/\/caribbeaninnovationdays.com\/?s={search_term_string}"},"query-input":{"@type":"PropertyValueSpecification","valueRequired":true,"valueName":"search_term_string"}}],"inLanguage":"en-US"},{"@type":"Organization","@id":"https:\/\/caribbeaninnovationdays.com\/#organization","name":"Caribbean Innovation Days","url":"https:\/\/caribbeaninnovationdays.com\/","logo":{"@type":"ImageObject","inLanguage":"en-US","@id":"https:\/\/caribbeaninnovationdays.com\/#\/schema\/logo\/image\/","url":"https:\/\/caribbeaninnovationdays.com\/wp-content\/uploads\/2024\/10\/logo-cids.svg","contentUrl":"https:\/\/caribbeaninnovationdays.com\/wp-content\/uploads\/2024\/10\/logo-cids.svg","width":243,"height":151,"caption":"Caribbean Innovation Days"},"image":{"@id":"https:\/\/caribbeaninnovationdays.com\/#\/schema\/logo\/image\/"}}]}},"_links":{"self":[{"href":"https:\/\/caribbeaninnovationdays.com\/en\/wp-json\/wp\/v2\/pages\/408","targetHints":{"allow":["GET"]}}],"collection":[{"href":"https:\/\/caribbeaninnovationdays.com\/en\/wp-json\/wp\/v2\/pages"}],"about":[{"href":"https:\/\/caribbeaninnovationdays.com\/en\/wp-json\/wp\/v2\/types\/page"}],"author":[{"embeddable":true,"href":"https:\/\/caribbeaninnovationdays.com\/en\/wp-json\/wp\/v2\/users\/1"}],"replies":[{"embeddable":true,"href":"https:\/\/caribbeaninnovationdays.com\/en\/wp-json\/wp\/v2\/comments?post=408"}],"version-history":[{"count":43,"href":"https:\/\/caribbeaninnovationdays.com\/en\/wp-json\/wp\/v2\/pages\/408\/revisions"}],"predecessor-version":[{"id":1943,"href":"https:\/\/caribbeaninnovationdays.com\/en\/wp-json\/wp\/v2\/pages\/408\/revisions\/1943"}],"wp:attachment":[{"href":"https:\/\/caribbeaninnovationdays.com\/en\/wp-json\/wp\/v2\/media?parent=408"}],"curies":[{"name":"wp","href":"https:\/\/api.w.org\/{rel}","templated":true}]}}